{"id":1764,"date":"2019-12-15T13:52:10","date_gmt":"2019-12-15T11:52:10","guid":{"rendered":"https:\/\/profi-vnfil.eu\/sobre\/"},"modified":"2020-01-09T15:49:29","modified_gmt":"2020-01-09T13:49:29","slug":"sobre","status":"publish","type":"page","link":"https:\/\/profi-vnfil.eu\/pt-pt\/sobre\/","title":{"rendered":"Sobre"},"content":{"rendered":"<p>[vc_row css=&#8221;.vc_custom_1576325576208{padding-right: 5% !important;padding-left: 5% !important;}&#8221;][vc_column][vc_column_text]<\/p>\n<h2>Descri\u00e7\u00e3o do Projeto<\/h2>\n<p><img loading=\"lazy\" class=\"alignleft wp-image-1372 size-medium\" src=\"https:\/\/profi-vnfil.eu\/wp-content\/uploads\/2019\/12\/vnfil-home-5-white-fade-300x224.jpg\" alt=\"\" width=\"300\" height=\"224\" srcset=\"https:\/\/profi-vnfil.eu\/wp-content\/uploads\/2019\/12\/vnfil-home-5-white-fade-300x224.jpg 300w, https:\/\/profi-vnfil.eu\/wp-content\/uploads\/2019\/12\/vnfil-home-5-white-fade-1024x766.jpg 1024w, https:\/\/profi-vnfil.eu\/wp-content\/uploads\/2019\/12\/vnfil-home-5-white-fade-768x574.jpg 768w, https:\/\/profi-vnfil.eu\/wp-content\/uploads\/2019\/12\/vnfil-home-5-white-fade-1536x1149.jpg 1536w, https:\/\/profi-vnfil.eu\/wp-content\/uploads\/2019\/12\/vnfil-home-5-white-fade.jpg 2000w\" sizes=\"(max-width: 300px) 100vw, 300px\" \/>A import\u00e2ncia para a Europa de cidad\u00e3os qualificados e com compet\u00eancias vai para al\u00e9m da educa\u00e7\u00e3o formal, estendendo-se \u00e0s aprendizagens adquiridas pela via n\u00e3o formal ou informal. Processos adequados de valida\u00e7\u00e3o de compet\u00eancias adquiridas atrav\u00e9s de percursos de aprendizagem n\u00e3o formais e informais (incluindo a identifica\u00e7\u00e3o\/documenta\u00e7\u00e3o, reconhecimento, avalia\u00e7\u00e3o e certifica\u00e7\u00e3o dessas compet\u00eancias) ajudar\u00e3o, de melhor forma, os indiv\u00edduos a colocar o seu valor acrescentado ao dispor do mercado de trabalho.<br \/>\nA Recomenda\u00e7\u00e3o do Conselho Europeu de 2012 sobre valida\u00e7\u00e3o incentiva os Estados-Membros a criarem disposi\u00e7\u00f5es nacionais para a valida\u00e7\u00e3o de compet\u00eancias adquiridas atrav\u00e9s de percursos de aprendizagem n\u00e3o formais e informais, at\u00e9 2018. Estas disposi\u00e7\u00f5es permitir\u00e3o aos indiv\u00edduos aumentar a visibilidade e o valor dos seus conhecimentos, aptid\u00f5es e compet\u00eancias adquiridas fora do sistema formal de educa\u00e7\u00e3o e forma\u00e7\u00e3o profissional: no trabalho, em casa ou em atividades de voluntariado.<br \/>\nO processo de valida\u00e7\u00e3o de compet\u00eancias adquiridas atrav\u00e9s de percursos de aprendizagem n\u00e3o formais e informais (do ingl\u00eas, VNFIL) est\u00e1 apenas a come\u00e7ar na Europa, pelo que os produtos que os parceiros est\u00e3o determinados a desenvolver no \u00e2mbito do projeto, s\u00e3o relevantes na agenda da UE e ser\u00e3o desenhados e concebidos para responder \u00e0s reais necessidades dos parceiros do projeto oriundos da Litu\u00e2nia, da It\u00e1lia, de Portugal e da Gr\u00e9cia.<br \/>\nDe facto e at\u00e9 agora, os pa\u00edses envolvidos no projeto v\u00eam desenvolvendo diferentes abordagens e dispositivos para a VNFIL, mas h\u00e1 um consenso em torno da ideia de que existe a necessidade de profissionaliza\u00e7\u00e3o e formaliza\u00e7\u00e3o do processo.[\/vc_column_text][vc_empty_space height=&#8221;50px&#8221;][vc_column_text]<\/p>\n<h3>Os parceiros do projeto PROFI-VNFIL concordam que:<\/h3>\n<blockquote><p>Existe a necessidade do desenvolvimento de ferramentas digitais de auto-avalia\u00e7\u00e3o e auto-an\u00e1lise para candidatos a processos de orienta\u00e7\u00e3o, reconhecimento, valida\u00e7\u00e3o e certifica\u00e7\u00e3o de compet\u00eancias, com o objetivo de os auxiliar na prepara\u00e7\u00e3o dos seus e-portf\u00f3lios. O candidato pode usar o seu e-portf\u00f3lio para demonstrar que possui as aptid\u00f5es e compet\u00eancias exigidas para prosseguir com o processo de valida\u00e7\u00e3o de compet\u00eancias.<\/p><\/blockquote>\n<blockquote><p>H\u00e1 tamb\u00e9m uma forte necessidade de promover e defender a valida\u00e7\u00e3o de compet\u00eancias adquiridas atrav\u00e9s de percursos de aprendizagem n\u00e3o formais e informais, junto da sociedade e dos decisores pol\u00edticos.<br \/>\nA VNFIL n\u00e3o \u00e9 apenas um processo de \u201cavalia\u00e7\u00e3o e valida\u00e7\u00e3o\u201d \u2013 \u00e9 um processo importante que atrai interesses de partes interessadas de diferentes setores da educa\u00e7\u00e3o e da forma\u00e7\u00e3o profissional. Mas sem estrat\u00e9gias e pol\u00edticas eficazes de VNFIL, o sistema pode n\u00e3o ser capaz de cumprir a sua promessa. Cidad\u00e3os, profissionais do sistema de educa\u00e7\u00e3o e forma\u00e7\u00e3o profissionais, empregadores, entre outros devem estar bem informados e devem confiar nos sistemas e processos VNFIL, nos diferentes pa\u00edses.<\/p><\/blockquote>\n<blockquote><p>A forma\u00e7\u00e3o \u00e9 essencial para todos os profissionais e programas de forma\u00e7\u00e3o para profissionais envolvidos na VNFIL devem ser desenvolvidos. Nos pa\u00edses da parceria, o tempo despendido com a forma\u00e7\u00e3o presencial dos profissionais de educa\u00e7\u00e3o e forma\u00e7\u00e3o profissional \u00e9 limitado a alguns dias por ano e esta pr\u00e1tica privilegia \u201cabordagens pontuais\u201d que n\u00e3o s\u00e3o eficazes na adapta\u00e7\u00e3o a sistemas VNFIL rec\u00e9m-introduzidos ou em fase de transforma\u00e7\u00e3o. Os profissionais envolvidos no reconhecimento, valida\u00e7\u00e3o e certifica\u00e7\u00e3o de compet\u00eancias precisam de forma\u00e7\u00e3o adequada sobre como realizar o reconhecimento e a avalia\u00e7\u00e3o durante estes processos.<\/p><\/blockquote>\n<p>[\/vc_column_text][vc_empty_space height=&#8221;50px&#8221;][vc_column_text]Com o objetivo de contribuir para a profissionaliza\u00e7\u00e3o e o bom funcionamento de sistemas de valida\u00e7\u00e3o de aprendizagens n\u00e3o formais e informais, de elevada qualidade, os parceiros do projeto definiram os seguintes objetivos para este projeto:<\/p>\n<h4>Desenvolvimento de uma ferramenta de auto-avalia\u00e7\u00e3o e de auto-an\u00e1lise (e-portf\u00f3lio) para candidatos a certifica\u00e7\u00e3o de compet\u00eancias adquiridas ao longo da vida, pela via n\u00e3o formal e informal<\/h4>\n<h4>Profissionaliza\u00e7\u00e3o do processo de reconhecimento, valida\u00e7\u00e3o e certifica\u00e7\u00e3o de compet\u00eancias<\/h4>\n<h4>Promo\u00e7\u00e3o junto da Sociedade e defini\u00e7\u00e3o de Recomenda\u00e7\u00f5es em mat\u00e9ria de reconhecimento, valida\u00e7\u00e3o e certifica\u00e7\u00e3o de compet\u00eancias, a n\u00edvel nacional nos pa\u00edses da parceria.<\/h4>\n<p>[\/vc_column_text][\/vc_column][\/vc_row]<\/p>\n","protected":false},"excerpt":{"rendered":"<p>[vc_row css=&#8221;.vc_custom_1576325576208{padding-right: 5% !important;padding-left: 5% !important;}&#8221;][vc_column][vc_column_text] Descri\u00e7\u00e3o do Projeto A import\u00e2ncia para a Europa de cidad\u00e3os qualificados e com compet\u00eancias vai para al\u00e9m da educa\u00e7\u00e3o formal, estendendo-se \u00e0s aprendizagens adquiridas<\/p>\n","protected":false},"author":1,"featured_media":2034,"parent":0,"menu_order":0,"comment_status":"closed","ping_status":"closed","template":"","meta":[],"yoast_head":"<!-- This site is optimized with the Yoast SEO plugin v20.0 - https:\/\/yoast.com\/wordpress\/plugins\/seo\/ -->\n<title>Sobre | VNFIL<\/title>\n<meta name=\"robots\" content=\"index, follow, max-snippet:-1, max-image-preview:large, max-video-preview:-1\" \/>\n<link rel=\"canonical\" href=\"https:\/\/profi-vnfil.eu\/pt-pt\/sobre\/\" \/>\n<meta property=\"og:locale\" content=\"pt_PT\" \/>\n<meta property=\"og:type\" content=\"article\" \/>\n<meta property=\"og:title\" content=\"Sobre | VNFIL\" \/>\n<meta property=\"og:description\" content=\"[vc_row css=&#8221;.vc_custom_1576325576208{padding-right: 5% !important;padding-left: 5% !important;}&#8221;][vc_column][vc_column_text] Descri\u00e7\u00e3o do Projeto A import\u00e2ncia para a Europa de cidad\u00e3os qualificados e com compet\u00eancias vai para al\u00e9m da educa\u00e7\u00e3o formal, estendendo-se \u00e0s aprendizagens adquiridas\" \/>\n<meta property=\"og:url\" content=\"https:\/\/profi-vnfil.eu\/pt-pt\/sobre\/\" \/>\n<meta property=\"og:site_name\" content=\"VNFIL\" \/>\n<meta property=\"article:publisher\" content=\"https:\/\/www.facebook.com\/profivnfil\" \/>\n<meta property=\"article:modified_time\" content=\"2020-01-09T13:49:29+00:00\" \/>\n<meta property=\"og:image\" content=\"https:\/\/profi-vnfil.eu\/wp-content\/uploads\/2020\/01\/featured-image-about.jpg\" \/>\n\t<meta property=\"og:image:width\" content=\"1200\" \/>\n\t<meta property=\"og:image:height\" content=\"630\" \/>\n\t<meta property=\"og:image:type\" content=\"image\/jpeg\" \/>\n<meta name=\"twitter:card\" content=\"summary_large_image\" \/>\n<meta name=\"twitter:label1\" content=\"Tempo estimado de leitura\" \/>\n\t<meta name=\"twitter:data1\" content=\"4 minutos\" \/>\n<script type=\"application\/ld+json\" class=\"yoast-schema-graph\">{\"@context\":\"https:\/\/schema.org\",\"@graph\":[{\"@type\":\"WebPage\",\"@id\":\"https:\/\/profi-vnfil.eu\/pt-pt\/sobre\/\",\"url\":\"https:\/\/profi-vnfil.eu\/pt-pt\/sobre\/\",\"name\":\"Sobre | VNFIL\",\"isPartOf\":{\"@id\":\"https:\/\/profi-vnfil.eu\/#website\"},\"datePublished\":\"2019-12-15T11:52:10+00:00\",\"dateModified\":\"2020-01-09T13:49:29+00:00\",\"breadcrumb\":{\"@id\":\"https:\/\/profi-vnfil.eu\/pt-pt\/sobre\/#breadcrumb\"},\"inLanguage\":\"pt-PT\",\"potentialAction\":[{\"@type\":\"ReadAction\",\"target\":[\"https:\/\/profi-vnfil.eu\/pt-pt\/sobre\/\"]}]},{\"@type\":\"BreadcrumbList\",\"@id\":\"https:\/\/profi-vnfil.eu\/pt-pt\/sobre\/#breadcrumb\",\"itemListElement\":[{\"@type\":\"ListItem\",\"position\":1,\"name\":\"Home\",\"item\":\"https:\/\/profi-vnfil.eu\/pt-pt\/home\/\"},{\"@type\":\"ListItem\",\"position\":2,\"name\":\"Sobre\"}]},{\"@type\":\"WebSite\",\"@id\":\"https:\/\/profi-vnfil.eu\/#website\",\"url\":\"https:\/\/profi-vnfil.eu\/\",\"name\":\"PROFI VNFIL\",\"description\":\"Validation of Non Formal &amp; Informal Learning\",\"publisher\":{\"@id\":\"https:\/\/profi-vnfil.eu\/#organization\"},\"potentialAction\":[{\"@type\":\"SearchAction\",\"target\":{\"@type\":\"EntryPoint\",\"urlTemplate\":\"https:\/\/profi-vnfil.eu\/?s={search_term_string}\"},\"query-input\":\"required name=search_term_string\"}],\"inLanguage\":\"pt-PT\"},{\"@type\":\"Organization\",\"@id\":\"https:\/\/profi-vnfil.eu\/#organization\",\"name\":\"PROFI VNFIL\",\"url\":\"https:\/\/profi-vnfil.eu\/\",\"logo\":{\"@type\":\"ImageObject\",\"inLanguage\":\"pt-PT\",\"@id\":\"https:\/\/profi-vnfil.eu\/#\/schema\/logo\/image\/\",\"url\":\"https:\/\/profi-vnfil.eu\/wp-content\/uploads\/2020\/02\/profi-logo-150px.png\",\"contentUrl\":\"https:\/\/profi-vnfil.eu\/wp-content\/uploads\/2020\/02\/profi-logo-150px.png\",\"width\":150,\"height\":150,\"caption\":\"PROFI VNFIL\"},\"image\":{\"@id\":\"https:\/\/profi-vnfil.eu\/#\/schema\/logo\/image\/\"},\"sameAs\":[\"https:\/\/www.facebook.com\/profivnfil\"]}]}<\/script>\n<!-- \/ Yoast SEO plugin. -->","yoast_head_json":{"title":"Sobre | VNFIL","robots":{"index":"index","follow":"follow","max-snippet":"max-snippet:-1","max-image-preview":"max-image-preview:large","max-video-preview":"max-video-preview:-1"},"canonical":"https:\/\/profi-vnfil.eu\/pt-pt\/sobre\/","og_locale":"pt_PT","og_type":"article","og_title":"Sobre | VNFIL","og_description":"[vc_row css=&#8221;.vc_custom_1576325576208{padding-right: 5% !important;padding-left: 5% !important;}&#8221;][vc_column][vc_column_text] Descri\u00e7\u00e3o do Projeto A import\u00e2ncia para a Europa de cidad\u00e3os qualificados e com compet\u00eancias vai para al\u00e9m da educa\u00e7\u00e3o formal, estendendo-se \u00e0s aprendizagens adquiridas","og_url":"https:\/\/profi-vnfil.eu\/pt-pt\/sobre\/","og_site_name":"VNFIL","article_publisher":"https:\/\/www.facebook.com\/profivnfil","article_modified_time":"2020-01-09T13:49:29+00:00","og_image":[{"width":1200,"height":630,"url":"https:\/\/profi-vnfil.eu\/wp-content\/uploads\/2020\/01\/featured-image-about.jpg","type":"image\/jpeg"}],"twitter_card":"summary_large_image","twitter_misc":{"Tempo estimado de leitura":"4 minutos"},"schema":{"@context":"https:\/\/schema.org","@graph":[{"@type":"WebPage","@id":"https:\/\/profi-vnfil.eu\/pt-pt\/sobre\/","url":"https:\/\/profi-vnfil.eu\/pt-pt\/sobre\/","name":"Sobre | VNFIL","isPartOf":{"@id":"https:\/\/profi-vnfil.eu\/#website"},"datePublished":"2019-12-15T11:52:10+00:00","dateModified":"2020-01-09T13:49:29+00:00","breadcrumb":{"@id":"https:\/\/profi-vnfil.eu\/pt-pt\/sobre\/#breadcrumb"},"inLanguage":"pt-PT","potentialAction":[{"@type":"ReadAction","target":["https:\/\/profi-vnfil.eu\/pt-pt\/sobre\/"]}]},{"@type":"BreadcrumbList","@id":"https:\/\/profi-vnfil.eu\/pt-pt\/sobre\/#breadcrumb","itemListElement":[{"@type":"ListItem","position":1,"name":"Home","item":"https:\/\/profi-vnfil.eu\/pt-pt\/home\/"},{"@type":"ListItem","position":2,"name":"Sobre"}]},{"@type":"WebSite","@id":"https:\/\/profi-vnfil.eu\/#website","url":"https:\/\/profi-vnfil.eu\/","name":"PROFI VNFIL","description":"Validation of Non Formal &amp; Informal Learning","publisher":{"@id":"https:\/\/profi-vnfil.eu\/#organization"},"potentialAction":[{"@type":"SearchAction","target":{"@type":"EntryPoint","urlTemplate":"https:\/\/profi-vnfil.eu\/?s={search_term_string}"},"query-input":"required name=search_term_string"}],"inLanguage":"pt-PT"},{"@type":"Organization","@id":"https:\/\/profi-vnfil.eu\/#organization","name":"PROFI VNFIL","url":"https:\/\/profi-vnfil.eu\/","logo":{"@type":"ImageObject","inLanguage":"pt-PT","@id":"https:\/\/profi-vnfil.eu\/#\/schema\/logo\/image\/","url":"https:\/\/profi-vnfil.eu\/wp-content\/uploads\/2020\/02\/profi-logo-150px.png","contentUrl":"https:\/\/profi-vnfil.eu\/wp-content\/uploads\/2020\/02\/profi-logo-150px.png","width":150,"height":150,"caption":"PROFI VNFIL"},"image":{"@id":"https:\/\/profi-vnfil.eu\/#\/schema\/logo\/image\/"},"sameAs":["https:\/\/www.facebook.com\/profivnfil"]}]}},"_links":{"self":[{"href":"https:\/\/profi-vnfil.eu\/pt-pt\/wp-json\/wp\/v2\/pages\/1764"}],"collection":[{"href":"https:\/\/profi-vnfil.eu\/pt-pt\/wp-json\/wp\/v2\/pages"}],"about":[{"href":"https:\/\/profi-vnfil.eu\/pt-pt\/wp-json\/wp\/v2\/types\/page"}],"author":[{"embeddable":true,"href":"https:\/\/profi-vnfil.eu\/pt-pt\/wp-json\/wp\/v2\/users\/1"}],"replies":[{"embeddable":true,"href":"https:\/\/profi-vnfil.eu\/pt-pt\/wp-json\/wp\/v2\/comments?post=1764"}],"version-history":[{"count":4,"href":"https:\/\/profi-vnfil.eu\/pt-pt\/wp-json\/wp\/v2\/pages\/1764\/revisions"}],"predecessor-version":[{"id":1848,"href":"https:\/\/profi-vnfil.eu\/pt-pt\/wp-json\/wp\/v2\/pages\/1764\/revisions\/1848"}],"wp:featuredmedia":[{"embeddable":true,"href":"https:\/\/profi-vnfil.eu\/pt-pt\/wp-json\/wp\/v2\/media\/2034"}],"wp:attachment":[{"href":"https:\/\/profi-vnfil.eu\/pt-pt\/wp-json\/wp\/v2\/media?parent=1764"}],"curies":[{"name":"wp","href":"https:\/\/api.w.org\/{rel}","templated":true}]}}