{"id":1768,"date":"2019-12-15T13:56:14","date_gmt":"2019-12-15T11:56:14","guid":{"rendered":"https:\/\/profi-vnfil.eu\/parceiros\/"},"modified":"2021-03-31T14:37:31","modified_gmt":"2021-03-31T11:37:31","slug":"parceiros","status":"publish","type":"page","link":"https:\/\/profi-vnfil.eu\/pt-pt\/parceiros\/","title":{"rendered":"parceiros"},"content":{"rendered":"<p>[vc_row css=&#8221;.vc_custom_1576325660097{padding-right: 5% !important;padding-left: 5% !important;}&#8221;][vc_column][vc_empty_space height=&#8221;50px&#8221;][dfd_info_banner style=&#8221;style-28&#8243; img_width=&#8221;&#8221; img_height=&#8221;&#8221; title=&#8221;Sindicato de Profissionais da \u00c1rea da Educa\u00e7\u00e3o&#8221; subtitle=&#8221;Litu\u00e2nia&#8221; banner_content=&#8221;Maior sindicato de profissionais da \u00e1rea da educa\u00e7\u00e3o da Litu\u00e2nia, sendo o \u00fanico que re\u00fane trabalhadores dos diferentes subsetores da educa\u00e7\u00e3o e forma\u00e7\u00e3o.&#8221; read_more=&#8221;more&#8221; readmore_style=&#8221;read-more-5&#8243; image_effect=&#8221;dfd-image-blur&#8221; image=&#8221;3000&#8243; title_font_options=&#8221;tag:h2|color:%23ffcb00&#8243; subtitle_font_options=&#8221;tag:h4&#8243; font_options=&#8221;tag:div&#8221; link=&#8221;url:https%3A%2F%2Fwww.svietimoprofsajunga.lt%2F||target:%20_blank|&#8221; readmore_show=&#8221;show&#8221; tutorials=&#8221;&#8221;][vc_row_inner][vc_column_inner width=&#8221;1\/2&#8243;][dfd_info_banner style=&#8221;style-28&#8243; img_width=&#8221;&#8221; img_height=&#8221;&#8221; title=&#8221;Vilnius Car Mechanics Escola Profissional de Mec\u00e2nica Autom\u00f3vel de Vilnius&#8221; subtitle=&#8221;Litu\u00e2nia&#8221; banner_content=&#8221;Um dos maiores operadores de forma\u00e7\u00e3o da Litu\u00e2nia na \u00e1rea da mec\u00e2nica autom\u00f3vel.&#8221; read_more=&#8221;box&#8221; readmore_style=&#8221;read-more-5&#8243; image_effect=&#8221;dfd-image-blur&#8221; image=&#8221;1350&#8243; title_font_options=&#8221;tag:h3|color:%23ffcb00&#8243; subtitle_font_options=&#8221;tag:h4&#8243; font_options=&#8221;tag:div&#8221; link=&#8221;url:https%3A%2F%2Fvavm.lt%2F||target:%20_blank|&#8221; readmore_show=&#8221;show&#8221;][\/vc_column_inner][vc_column_inner width=&#8221;1\/2&#8243;][dfd_info_banner style=&#8221;style-28&#8243; img_width=&#8221;&#8221; img_height=&#8221;&#8221; title=&#8221;FORMA.Azione&#8221; subtitle=&#8221;It\u00e1lia&#8221; banner_content=&#8221;Iniciou a sua atividade em 1997 como uma Associa\u00e7\u00e3o de Profissionais e de Consultores, fortemente especializada em servi\u00e7os de forma\u00e7\u00e3o profissional e Educa\u00e7\u00e3o de Adultos.&#8221; read_more=&#8221;more&#8221; readmore_style=&#8221;read-more-5&#8243; image_effect=&#8221;dfd-image-blur&#8221; image=&#8221;382&#8243; title_font_options=&#8221;tag:h3|color:%23ffcb00&#8243; subtitle_font_options=&#8221;tag:h4&#8243; font_options=&#8221;tag:div&#8221; link=&#8221;url:https%3A%2F%2Fwww.azione.com%2F%3Flang%3Den||target:%20_blank|&#8221; readmore_show=&#8221;show&#8221;][\/vc_column_inner][\/vc_row_inner][vc_row_inner][vc_column_inner width=&#8221;1\/2&#8243;][dfd_info_banner style=&#8221;style-28&#8243; img_width=&#8221;&#8221; img_height=&#8221;&#8221; title=&#8221;CECOA&#8221; subtitle=&#8221;Portugal&#8221; banner_content=&#8221;Centro de Forma\u00e7\u00e3o Profissional criado por protocolo entre o Instituto do Emprego e Forma\u00e7\u00e3o Profissional (IEFP) e a Confedera\u00e7\u00e3o do Com\u00e9rcio e Servi\u00e7os de Portugal (CCP) tendo como atribui\u00e7\u00e3o o desenvolvimento de atividades de educa\u00e7\u00e3o e forma\u00e7\u00e3o profissional para os setores do com\u00e9rcio e dos servi\u00e7os. O CECOA \u00e9, tamb\u00e9m, acreditado para processos de reconhecimento, valida\u00e7\u00e3o e certifica\u00e7\u00e3o de compet\u00eancias desde 2001, sendo atualmente um Centro QUALIFICA.&#8221; read_more=&#8221;more&#8221; readmore_style=&#8221;read-more-5&#8243; image_effect=&#8221;dfd-image-blur&#8221; image=&#8221;1825&#8243; title_font_options=&#8221;tag:h3|color:%23ffcb00&#8243; subtitle_font_options=&#8221;tag:h4&#8243; font_options=&#8221;tag:div&#8221; link=&#8221;url:https%3A%2F%2Fwww.cecoa.pt%2F||target:%20_blank|&#8221; readmore_show=&#8221;show&#8221;][\/vc_column_inner][vc_column_inner width=&#8221;1\/2&#8243;][dfd_info_banner style=&#8221;style-29&#8243; img_width=&#8221;&#8221; img_height=&#8221;&#8221; title=&#8221;p-consulting.gr&#8221; subtitle=&#8221;Gr\u00e9cia&#8221; banner_content=&#8221;\u00c9 uma empresa inovadora e din\u00e2mica de investiga\u00e7\u00e3o e consultoria, localizada em Patras, mas que opera em toda a Gr\u00e9cia e na Europa, tendo como principais objetivos a presta\u00e7\u00e3o de servi\u00e7os de qualidade na \u00e1rea da consultoria, forma\u00e7\u00e3o e TI.&#8221; read_more=&#8221;box&#8221; readmore_style=&#8221;read-more-5&#8243; image_effect=&#8221;dfd-image-blur&#8221; image=&#8221;385&#8243; title_font_options=&#8221;tag:h3|color:%23ffcb00&#8243; subtitle_font_options=&#8221;tag:h4&#8243; font_options=&#8221;tag:div&#8221; link=&#8221;url:https%3A%2F%2Fwww.p-consulting.gr%2Fen%2F||target:%20_blank|&#8221; readmore_show=&#8221;show&#8221;][\/vc_column_inner][\/vc_row_inner][vc_empty_space height=&#8221;50px&#8221;][\/vc_column][\/vc_row]<\/p>\n","protected":false},"excerpt":{"rendered":"<p>[vc_row css=&#8221;.vc_custom_1576325660097{padding-right: 5% !important;padding-left: 5% !important;}&#8221;][vc_column][vc_empty_space height=&#8221;50px&#8221;][dfd_info_banner style=&#8221;style-28&#8243; img_width=&#8221;&#8221; img_height=&#8221;&#8221; title=&#8221;Sindicato de Profissionais da \u00c1rea da Educa\u00e7\u00e3o&#8221; subtitle=&#8221;Litu\u00e2nia&#8221; banner_content=&#8221;Maior sindicato de profissionais da \u00e1rea da educa\u00e7\u00e3o da Litu\u00e2nia, sendo o<\/p>\n","protected":false},"author":1,"featured_media":2054,"parent":0,"menu_order":0,"comment_status":"closed","ping_status":"closed","template":"","meta":[],"yoast_head":"<!-- This site is optimized with the Yoast SEO plugin v20.0 - https:\/\/yoast.com\/wordpress\/plugins\/seo\/ -->\n<title>parceiros | VNFIL<\/title>\n<meta name=\"robots\" content=\"index, follow, max-snippet:-1, max-image-preview:large, max-video-preview:-1\" \/>\n<link rel=\"canonical\" href=\"https:\/\/profi-vnfil.eu\/pt-pt\/parceiros\/\" \/>\n<meta property=\"og:locale\" content=\"pt_PT\" \/>\n<meta property=\"og:type\" content=\"article\" \/>\n<meta property=\"og:title\" content=\"parceiros | VNFIL\" \/>\n<meta property=\"og:description\" content=\"[vc_row css=&#8221;.vc_custom_1576325660097{padding-right: 5% !important;padding-left: 5% !important;}&#8221;][vc_column][vc_empty_space height=&#8221;50px&#8221;][dfd_info_banner style=&#8221;style-28&#8243; img_width=&#8221;&#8221; img_height=&#8221;&#8221; title=&#8221;Sindicato de Profissionais da \u00c1rea da Educa\u00e7\u00e3o&#8221; subtitle=&#8221;Litu\u00e2nia&#8221; banner_content=&#8221;Maior sindicato de profissionais da \u00e1rea da educa\u00e7\u00e3o da Litu\u00e2nia, sendo o\" \/>\n<meta property=\"og:url\" content=\"https:\/\/profi-vnfil.eu\/pt-pt\/parceiros\/\" \/>\n<meta property=\"og:site_name\" content=\"VNFIL\" \/>\n<meta property=\"article:publisher\" content=\"https:\/\/www.facebook.com\/profivnfil\" \/>\n<meta property=\"article:modified_time\" content=\"2021-03-31T11:37:31+00:00\" \/>\n<meta property=\"og:image\" content=\"https:\/\/profi-vnfil.eu\/wp-content\/uploads\/2020\/01\/featured-image-partners.jpg\" \/>\n\t<meta property=\"og:image:width\" content=\"1200\" \/>\n\t<meta property=\"og:image:height\" content=\"630\" \/>\n\t<meta property=\"og:image:type\" content=\"image\/jpeg\" \/>\n<meta name=\"twitter:card\" content=\"summary_large_image\" \/>\n<meta name=\"twitter:label1\" content=\"Tempo estimado de leitura\" \/>\n\t<meta name=\"twitter:data1\" content=\"3 minutos\" \/>\n<script type=\"application\/ld+json\" class=\"yoast-schema-graph\">{\"@context\":\"https:\/\/schema.org\",\"@graph\":[{\"@type\":\"WebPage\",\"@id\":\"https:\/\/profi-vnfil.eu\/pt-pt\/parceiros\/\",\"url\":\"https:\/\/profi-vnfil.eu\/pt-pt\/parceiros\/\",\"name\":\"parceiros | VNFIL\",\"isPartOf\":{\"@id\":\"https:\/\/profi-vnfil.eu\/#website\"},\"datePublished\":\"2019-12-15T11:56:14+00:00\",\"dateModified\":\"2021-03-31T11:37:31+00:00\",\"breadcrumb\":{\"@id\":\"https:\/\/profi-vnfil.eu\/pt-pt\/parceiros\/#breadcrumb\"},\"inLanguage\":\"pt-PT\",\"potentialAction\":[{\"@type\":\"ReadAction\",\"target\":[\"https:\/\/profi-vnfil.eu\/pt-pt\/parceiros\/\"]}]},{\"@type\":\"BreadcrumbList\",\"@id\":\"https:\/\/profi-vnfil.eu\/pt-pt\/parceiros\/#breadcrumb\",\"itemListElement\":[{\"@type\":\"ListItem\",\"position\":1,\"name\":\"Home\",\"item\":\"https:\/\/profi-vnfil.eu\/pt-pt\/home\/\"},{\"@type\":\"ListItem\",\"position\":2,\"name\":\"parceiros\"}]},{\"@type\":\"WebSite\",\"@id\":\"https:\/\/profi-vnfil.eu\/#website\",\"url\":\"https:\/\/profi-vnfil.eu\/\",\"name\":\"PROFI VNFIL\",\"description\":\"Validation of Non Formal &amp; Informal Learning\",\"publisher\":{\"@id\":\"https:\/\/profi-vnfil.eu\/#organization\"},\"potentialAction\":[{\"@type\":\"SearchAction\",\"target\":{\"@type\":\"EntryPoint\",\"urlTemplate\":\"https:\/\/profi-vnfil.eu\/?s={search_term_string}\"},\"query-input\":\"required name=search_term_string\"}],\"inLanguage\":\"pt-PT\"},{\"@type\":\"Organization\",\"@id\":\"https:\/\/profi-vnfil.eu\/#organization\",\"name\":\"PROFI VNFIL\",\"url\":\"https:\/\/profi-vnfil.eu\/\",\"logo\":{\"@type\":\"ImageObject\",\"inLanguage\":\"pt-PT\",\"@id\":\"https:\/\/profi-vnfil.eu\/#\/schema\/logo\/image\/\",\"url\":\"https:\/\/profi-vnfil.eu\/wp-content\/uploads\/2020\/02\/profi-logo-150px.png\",\"contentUrl\":\"https:\/\/profi-vnfil.eu\/wp-content\/uploads\/2020\/02\/profi-logo-150px.png\",\"width\":150,\"height\":150,\"caption\":\"PROFI VNFIL\"},\"image\":{\"@id\":\"https:\/\/profi-vnfil.eu\/#\/schema\/logo\/image\/\"},\"sameAs\":[\"https:\/\/www.facebook.com\/profivnfil\"]}]}<\/script>\n<!-- \/ Yoast SEO plugin. -->","yoast_head_json":{"title":"parceiros | VNFIL","robots":{"index":"index","follow":"follow","max-snippet":"max-snippet:-1","max-image-preview":"max-image-preview:large","max-video-preview":"max-video-preview:-1"},"canonical":"https:\/\/profi-vnfil.eu\/pt-pt\/parceiros\/","og_locale":"pt_PT","og_type":"article","og_title":"parceiros | VNFIL","og_description":"[vc_row css=&#8221;.vc_custom_1576325660097{padding-right: 5% !important;padding-left: 5% !important;}&#8221;][vc_column][vc_empty_space height=&#8221;50px&#8221;][dfd_info_banner style=&#8221;style-28&#8243; img_width=&#8221;&#8221; img_height=&#8221;&#8221; title=&#8221;Sindicato de Profissionais da \u00c1rea da Educa\u00e7\u00e3o&#8221; subtitle=&#8221;Litu\u00e2nia&#8221; banner_content=&#8221;Maior sindicato de profissionais da \u00e1rea da educa\u00e7\u00e3o da Litu\u00e2nia, sendo o","og_url":"https:\/\/profi-vnfil.eu\/pt-pt\/parceiros\/","og_site_name":"VNFIL","article_publisher":"https:\/\/www.facebook.com\/profivnfil","article_modified_time":"2021-03-31T11:37:31+00:00","og_image":[{"width":1200,"height":630,"url":"https:\/\/profi-vnfil.eu\/wp-content\/uploads\/2020\/01\/featured-image-partners.jpg","type":"image\/jpeg"}],"twitter_card":"summary_large_image","twitter_misc":{"Tempo estimado de leitura":"3 minutos"},"schema":{"@context":"https:\/\/schema.org","@graph":[{"@type":"WebPage","@id":"https:\/\/profi-vnfil.eu\/pt-pt\/parceiros\/","url":"https:\/\/profi-vnfil.eu\/pt-pt\/parceiros\/","name":"parceiros | VNFIL","isPartOf":{"@id":"https:\/\/profi-vnfil.eu\/#website"},"datePublished":"2019-12-15T11:56:14+00:00","dateModified":"2021-03-31T11:37:31+00:00","breadcrumb":{"@id":"https:\/\/profi-vnfil.eu\/pt-pt\/parceiros\/#breadcrumb"},"inLanguage":"pt-PT","potentialAction":[{"@type":"ReadAction","target":["https:\/\/profi-vnfil.eu\/pt-pt\/parceiros\/"]}]},{"@type":"BreadcrumbList","@id":"https:\/\/profi-vnfil.eu\/pt-pt\/parceiros\/#breadcrumb","itemListElement":[{"@type":"ListItem","position":1,"name":"Home","item":"https:\/\/profi-vnfil.eu\/pt-pt\/home\/"},{"@type":"ListItem","position":2,"name":"parceiros"}]},{"@type":"WebSite","@id":"https:\/\/profi-vnfil.eu\/#website","url":"https:\/\/profi-vnfil.eu\/","name":"PROFI VNFIL","description":"Validation of Non Formal &amp; Informal Learning","publisher":{"@id":"https:\/\/profi-vnfil.eu\/#organization"},"potentialAction":[{"@type":"SearchAction","target":{"@type":"EntryPoint","urlTemplate":"https:\/\/profi-vnfil.eu\/?s={search_term_string}"},"query-input":"required name=search_term_string"}],"inLanguage":"pt-PT"},{"@type":"Organization","@id":"https:\/\/profi-vnfil.eu\/#organization","name":"PROFI VNFIL","url":"https:\/\/profi-vnfil.eu\/","logo":{"@type":"ImageObject","inLanguage":"pt-PT","@id":"https:\/\/profi-vnfil.eu\/#\/schema\/logo\/image\/","url":"https:\/\/profi-vnfil.eu\/wp-content\/uploads\/2020\/02\/profi-logo-150px.png","contentUrl":"https:\/\/profi-vnfil.eu\/wp-content\/uploads\/2020\/02\/profi-logo-150px.png","width":150,"height":150,"caption":"PROFI VNFIL"},"image":{"@id":"https:\/\/profi-vnfil.eu\/#\/schema\/logo\/image\/"},"sameAs":["https:\/\/www.facebook.com\/profivnfil"]}]}},"_links":{"self":[{"href":"https:\/\/profi-vnfil.eu\/pt-pt\/wp-json\/wp\/v2\/pages\/1768"}],"collection":[{"href":"https:\/\/profi-vnfil.eu\/pt-pt\/wp-json\/wp\/v2\/pages"}],"about":[{"href":"https:\/\/profi-vnfil.eu\/pt-pt\/wp-json\/wp\/v2\/types\/page"}],"author":[{"embeddable":true,"href":"https:\/\/profi-vnfil.eu\/pt-pt\/wp-json\/wp\/v2\/users\/1"}],"replies":[{"embeddable":true,"href":"https:\/\/profi-vnfil.eu\/pt-pt\/wp-json\/wp\/v2\/comments?post=1768"}],"version-history":[{"count":3,"href":"https:\/\/profi-vnfil.eu\/pt-pt\/wp-json\/wp\/v2\/pages\/1768\/revisions"}],"predecessor-version":[{"id":3005,"href":"https:\/\/profi-vnfil.eu\/pt-pt\/wp-json\/wp\/v2\/pages\/1768\/revisions\/3005"}],"wp:featuredmedia":[{"embeddable":true,"href":"https:\/\/profi-vnfil.eu\/pt-pt\/wp-json\/wp\/v2\/media\/2054"}],"wp:attachment":[{"href":"https:\/\/profi-vnfil.eu\/pt-pt\/wp-json\/wp\/v2\/media?parent=1768"}],"curies":[{"name":"wp","href":"https:\/\/api.w.org\/{rel}","templated":true}]}}